{"id":2184,"date":"2023-02-03T13:44:49","date_gmt":"2023-02-03T13:44:49","guid":{"rendered":"https:\/\/new.myspeaker.fr\/profiles\/ariel-ekblaw\/"},"modified":"2023-01-25T12:24:52","modified_gmt":"2023-01-25T12:24:52","slug":"ariel-ekblaw","status":"publish","type":"profile","link":"https:\/\/myspeaker.fr\/en\/keynote-speakers\/ariel-ekblaw\/","title":{"rendered":"Ariel Ekblaw"},"content":{"rendered":"<div class=\"my-10 block-text block-text--columns-one lg:my-12\"><div class=\"block-text__body\"><div class=\"block-text__text-wrapper\"><div class=\"block-text raw\">\r\n<div class=\"block-text__body\">\r\nAriel Ekblaw is the founder and Director of the MIT Space Exploration Initiative, a team of over 50 graduate students, staff, and faculty actively prototyping the artifacts of our sci-fi space future. Founded in 2016, the Initiative now includes a portfolio of 40+ research projects focused on life in space (from astrobiology to space habitats), and supports an accelerator-like R&amp;D program that enables a broad range of payload development. For the Initiative, Ariel drives space-related research across science, engineering, art, and design, and charters an annually recurring cadence of parabolic flights, sub-orbital, and orbital launch opportunities. She forges collaborations on this work with MIT departments and space industry partners, while mentoring Initiative research projects and providing technical advice for all mission deployments.\n\nIn addition to the broader Initiative portfolio, her personal research builds on her MIT PhD in space architecture and the TESSERAE platform: Tessellated Electromagnetic Space Structures for the Exploration of Reconfigurable, Adaptive Environments. This work explores autonomously self-assembling space architecture for future space tourist habitats and space stations in orbit around the Earth, the Moon and Mars.\n\nWith undergraduate degrees in physics, mathematics and philosophy from Yale University, and a master\u2019s in distributed systems from the MIT Media Lab, Ariel brings a humanistic approach to her research at MIT. Her prior work experience includes supersymmetry research and big data programming at the CERN Particle Physics Laboratory, user-centered design and product development at Microsoft Azure, microgravity research with NASA, and Mars2020 rover hardware systems engineering at NASA\u2019s Jet Propulsion Laboratory. Ekblaw\u2019s work has been featured in WIRED (March of 2020 cover story), MIT Technology Review, Harvard Business Review, the Wall Street Journal, the BBC, CNN, AIAA proceedings, and more.\n\nAs humanity stands on the cusp of interplanetary civilization and space is the next grand frontier, Ariel Ekblaw is striving to further the future of space exploration and the possibility of interplanetary living.\r\n\r\n<\/div><\/div><\/div>\r\n<p>Sujets populaires: Space-Related Research | Space Exploration | Future<\/p>\r\n<div class=\"my-10 block-text block-text--columns-one lg:my-12\"><div class=\"block-text__body\"><div class=\"block-text__text-wrapper\">\r\n\r\n<\/div><\/div>\r\n\r\n<\/div><\/div><\/div>\n<div id=\"video-block_54349bb83db34a6fafd88a1dcb39ac6e\" class=\"block-video space-y-4 my-10\">\n  <div class=\"container-small\">\n\n    <div class=\"relative my-10 aspect-video embed\">\n      <div class=\"z-20\">\n        <a href=\"https:\/\/www.youtube.com\/watch?v=u2XBFQnMY0E?rel=0\">https:\/\/www.youtube.com\/watch?v=u2XBFQnMY0E?rel=0<\/a>      <\/div>\n\n                <\/div>\n\n  <\/div>\n\n<\/div>","protected":false},"excerpt":{"rendered":"<p>Ariel Ekblaw is the founder and Director of the MIT Space Exploration Initiative, a team of over 50 graduate students,&#8230;<\/p>\n","protected":false},"author":1,"featured_media":4709,"menu_order":400,"template":"","profile_category":[275,153,143,111],"profile_tag":[171,272,180],"profile_language":[],"class_list":["post-2184","profile","type-profile","status-publish","has-post-thumbnail","hentry","profile_category-digitalisation-technology-speakers","profile_category-society-future","profile_category-creativity-innovation","profile_category-keynote-speakers","profile_tag-creativity-innovation","profile_tag-digitalisation-technology","profile_tag-society-future"],"acf":[],"yoast_head":"<!-- This site is optimized with the Yoast SEO Premium plugin v27.2 (Yoast SEO v27.3) - https:\/\/yoast.com\/product\/yoast-seo-premium-wordpress\/ -->\n<title>Ariel Ekblaw - MySpeaker France<\/title>\n<meta name=\"description\" content=\"Ariel Ekblaw is the founder and Director of the MIT Space Exploration Initiative, a team of over 50 graduate students, staff, and faculty actively\" \/>\n<meta name=\"robots\" content=\"index, follow, max-snippet:-1, max-image-preview:large, max-video-preview:-1\" \/>\n<link rel=\"canonical\" href=\"https:\/\/myspeaker.fr\/en\/keynote-speakers\/ariel-ekblaw\/\" \/>\n<meta property=\"og:locale\" content=\"en_US\" \/>\n<meta property=\"og:type\" content=\"article\" \/>\n<meta property=\"og:title\" content=\"Ariel Ekblaw\" \/>\n<meta property=\"og:description\" content=\"Ariel Ekblaw is the founder and Director of the MIT Space Exploration Initiative, a team of over 50 graduate students, staff, and faculty actively\" \/>\n<meta property=\"og:url\" content=\"https:\/\/myspeaker.fr\/en\/keynote-speakers\/ariel-ekblaw\/\" \/>\n<meta property=\"og:site_name\" content=\"MySpeaker France\" \/>\n<meta property=\"og:image\" content=\"https:\/\/myspeaker.fr\/wp-content\/uploads\/sites\/6\/2023\/09\/Screenshot_2021-01-17-Ariel-Ekblaw-\u2013-Google-haku-e1610912261268.png\" \/>\n\t<meta property=\"og:image:width\" content=\"300\" \/>\n\t<meta property=\"og:image:height\" content=\"200\" \/>\n\t<meta property=\"og:image:type\" content=\"image\/png\" \/>\n<meta name=\"twitter:card\" content=\"summary_large_image\" \/>\n<meta name=\"twitter:label1\" content=\"Est. reading time\" \/>\n\t<meta name=\"twitter:data1\" content=\"2 minutes\" \/>\n<script type=\"application\/ld+json\" class=\"yoast-schema-graph\">{\"@context\":\"https:\\\/\\\/schema.org\",\"@graph\":[{\"@type\":\"WebPage\",\"@id\":\"https:\\\/\\\/myspeaker.fr\\\/en\\\/keynote-speakers\\\/ariel-ekblaw\\\/\",\"url\":\"https:\\\/\\\/myspeaker.fr\\\/en\\\/keynote-speakers\\\/ariel-ekblaw\\\/\",\"name\":\"Ariel Ekblaw - MySpeaker France\",\"isPartOf\":{\"@id\":\"https:\\\/\\\/myspeaker.fr\\\/en\\\/#website\"},\"primaryImageOfPage\":{\"@id\":\"https:\\\/\\\/myspeaker.fr\\\/en\\\/keynote-speakers\\\/ariel-ekblaw\\\/#primaryimage\"},\"image\":{\"@id\":\"https:\\\/\\\/myspeaker.fr\\\/en\\\/keynote-speakers\\\/ariel-ekblaw\\\/#primaryimage\"},\"thumbnailUrl\":\"https:\\\/\\\/myspeaker.fr\\\/wp-content\\\/uploads\\\/sites\\\/6\\\/2023\\\/02\\\/Speaker-Profile-Photo-17.jpg\",\"datePublished\":\"2023-02-03T13:44:49+00:00\",\"description\":\"Ariel Ekblaw is the founder and Director of the MIT Space Exploration Initiative, a team of over 50 graduate students, staff, and faculty actively\",\"breadcrumb\":{\"@id\":\"https:\\\/\\\/myspeaker.fr\\\/en\\\/keynote-speakers\\\/ariel-ekblaw\\\/#breadcrumb\"},\"inLanguage\":\"en-US\",\"potentialAction\":[{\"@type\":\"ReadAction\",\"target\":[\"https:\\\/\\\/myspeaker.fr\\\/en\\\/keynote-speakers\\\/ariel-ekblaw\\\/\"]}]},{\"@type\":\"ImageObject\",\"inLanguage\":\"en-US\",\"@id\":\"https:\\\/\\\/myspeaker.fr\\\/en\\\/keynote-speakers\\\/ariel-ekblaw\\\/#primaryimage\",\"url\":\"https:\\\/\\\/myspeaker.fr\\\/wp-content\\\/uploads\\\/sites\\\/6\\\/2023\\\/02\\\/Speaker-Profile-Photo-17.jpg\",\"contentUrl\":\"https:\\\/\\\/myspeaker.fr\\\/wp-content\\\/uploads\\\/sites\\\/6\\\/2023\\\/02\\\/Speaker-Profile-Photo-17.jpg\",\"width\":480,\"height\":480,\"caption\":\"Ariel Ekblaw | Conf\u00e9renci\u00e8re | Ing\u00e9nieure\"},{\"@type\":\"BreadcrumbList\",\"@id\":\"https:\\\/\\\/myspeaker.fr\\\/en\\\/keynote-speakers\\\/ariel-ekblaw\\\/#breadcrumb\",\"itemListElement\":[{\"@type\":\"ListItem\",\"position\":1,\"name\":\"Hem\",\"item\":\"https:\\\/\\\/myspeaker.fr\\\/en\\\/\"},{\"@type\":\"ListItem\",\"position\":2,\"name\":\"Profiles\",\"item\":\"https:\\\/\\\/myspeaker.fr\\\/en\\\/profiles\\\/\"},{\"@type\":\"ListItem\",\"position\":3,\"name\":\"Ariel Ekblaw\"}]},{\"@type\":\"WebSite\",\"@id\":\"https:\\\/\\\/myspeaker.fr\\\/en\\\/#website\",\"url\":\"https:\\\/\\\/myspeaker.fr\\\/en\\\/\",\"name\":\"MySpeaker France\",\"description\":\"\",\"publisher\":{\"@id\":\"https:\\\/\\\/myspeaker.fr\\\/en\\\/#organization\"},\"potentialAction\":[{\"@type\":\"SearchAction\",\"target\":{\"@type\":\"EntryPoint\",\"urlTemplate\":\"https:\\\/\\\/myspeaker.fr\\\/en\\\/?s={search_term_string}\"},\"query-input\":{\"@type\":\"PropertyValueSpecification\",\"valueRequired\":true,\"valueName\":\"search_term_string\"}}],\"inLanguage\":\"en-US\"},{\"@type\":\"Organization\",\"@id\":\"https:\\\/\\\/myspeaker.fr\\\/en\\\/#organization\",\"name\":\"MySpeaker France\",\"alternateName\":\"MySpeaker\",\"url\":\"https:\\\/\\\/myspeaker.fr\\\/en\\\/\",\"logo\":{\"@type\":\"ImageObject\",\"inLanguage\":\"en-US\",\"@id\":\"https:\\\/\\\/myspeaker.fr\\\/en\\\/#\\\/schema\\\/logo\\\/image\\\/\",\"url\":\"https:\\\/\\\/myspeaker.fr\\\/wp-content\\\/uploads\\\/sites\\\/6\\\/2024\\\/01\\\/Untitled-design.png\",\"contentUrl\":\"https:\\\/\\\/myspeaker.fr\\\/wp-content\\\/uploads\\\/sites\\\/6\\\/2024\\\/01\\\/Untitled-design.png\",\"width\":696,\"height\":696,\"caption\":\"MySpeaker France\"},\"image\":{\"@id\":\"https:\\\/\\\/myspeaker.fr\\\/en\\\/#\\\/schema\\\/logo\\\/image\\\/\"},\"sameAs\":[\"https:\\\/\\\/www.linkedin.com\\\/company\\\/myspeaker-france\"]}]}<\/script>\n<!-- \/ Yoast SEO Premium plugin. -->","yoast_head_json":{"title":"Ariel Ekblaw - MySpeaker France","description":"Ariel Ekblaw is the founder and Director of the MIT Space Exploration Initiative, a team of over 50 graduate students, staff, and faculty actively","robots":{"index":"index","follow":"follow","max-snippet":"max-snippet:-1","max-image-preview":"max-image-preview:large","max-video-preview":"max-video-preview:-1"},"canonical":"https:\/\/myspeaker.fr\/en\/keynote-speakers\/ariel-ekblaw\/","og_locale":"en_US","og_type":"article","og_title":"Ariel Ekblaw","og_description":"Ariel Ekblaw is the founder and Director of the MIT Space Exploration Initiative, a team of over 50 graduate students, staff, and faculty actively","og_url":"https:\/\/myspeaker.fr\/en\/keynote-speakers\/ariel-ekblaw\/","og_site_name":"MySpeaker France","og_image":[{"width":300,"height":200,"url":"https:\/\/myspeaker.fr\/wp-content\/uploads\/sites\/6\/2023\/09\/Screenshot_2021-01-17-Ariel-Ekblaw-\u2013-Google-haku-e1610912261268.png","type":"image\/png"}],"twitter_card":"summary_large_image","twitter_misc":{"Est. reading time":"2 minutes"},"schema":{"@context":"https:\/\/schema.org","@graph":[{"@type":"WebPage","@id":"https:\/\/myspeaker.fr\/en\/keynote-speakers\/ariel-ekblaw\/","url":"https:\/\/myspeaker.fr\/en\/keynote-speakers\/ariel-ekblaw\/","name":"Ariel Ekblaw - MySpeaker France","isPartOf":{"@id":"https:\/\/myspeaker.fr\/en\/#website"},"primaryImageOfPage":{"@id":"https:\/\/myspeaker.fr\/en\/keynote-speakers\/ariel-ekblaw\/#primaryimage"},"image":{"@id":"https:\/\/myspeaker.fr\/en\/keynote-speakers\/ariel-ekblaw\/#primaryimage"},"thumbnailUrl":"https:\/\/myspeaker.fr\/wp-content\/uploads\/sites\/6\/2023\/02\/Speaker-Profile-Photo-17.jpg","datePublished":"2023-02-03T13:44:49+00:00","description":"Ariel Ekblaw is the founder and Director of the MIT Space Exploration Initiative, a team of over 50 graduate students, staff, and faculty actively","breadcrumb":{"@id":"https:\/\/myspeaker.fr\/en\/keynote-speakers\/ariel-ekblaw\/#breadcrumb"},"inLanguage":"en-US","potentialAction":[{"@type":"ReadAction","target":["https:\/\/myspeaker.fr\/en\/keynote-speakers\/ariel-ekblaw\/"]}]},{"@type":"ImageObject","inLanguage":"en-US","@id":"https:\/\/myspeaker.fr\/en\/keynote-speakers\/ariel-ekblaw\/#primaryimage","url":"https:\/\/myspeaker.fr\/wp-content\/uploads\/sites\/6\/2023\/02\/Speaker-Profile-Photo-17.jpg","contentUrl":"https:\/\/myspeaker.fr\/wp-content\/uploads\/sites\/6\/2023\/02\/Speaker-Profile-Photo-17.jpg","width":480,"height":480,"caption":"Ariel Ekblaw | Conf\u00e9renci\u00e8re | Ing\u00e9nieure"},{"@type":"BreadcrumbList","@id":"https:\/\/myspeaker.fr\/en\/keynote-speakers\/ariel-ekblaw\/#breadcrumb","itemListElement":[{"@type":"ListItem","position":1,"name":"Hem","item":"https:\/\/myspeaker.fr\/en\/"},{"@type":"ListItem","position":2,"name":"Profiles","item":"https:\/\/myspeaker.fr\/en\/profiles\/"},{"@type":"ListItem","position":3,"name":"Ariel Ekblaw"}]},{"@type":"WebSite","@id":"https:\/\/myspeaker.fr\/en\/#website","url":"https:\/\/myspeaker.fr\/en\/","name":"MySpeaker France","description":"","publisher":{"@id":"https:\/\/myspeaker.fr\/en\/#organization"},"potentialAction":[{"@type":"SearchAction","target":{"@type":"EntryPoint","urlTemplate":"https:\/\/myspeaker.fr\/en\/?s={search_term_string}"},"query-input":{"@type":"PropertyValueSpecification","valueRequired":true,"valueName":"search_term_string"}}],"inLanguage":"en-US"},{"@type":"Organization","@id":"https:\/\/myspeaker.fr\/en\/#organization","name":"MySpeaker France","alternateName":"MySpeaker","url":"https:\/\/myspeaker.fr\/en\/","logo":{"@type":"ImageObject","inLanguage":"en-US","@id":"https:\/\/myspeaker.fr\/en\/#\/schema\/logo\/image\/","url":"https:\/\/myspeaker.fr\/wp-content\/uploads\/sites\/6\/2024\/01\/Untitled-design.png","contentUrl":"https:\/\/myspeaker.fr\/wp-content\/uploads\/sites\/6\/2024\/01\/Untitled-design.png","width":696,"height":696,"caption":"MySpeaker France"},"image":{"@id":"https:\/\/myspeaker.fr\/en\/#\/schema\/logo\/image\/"},"sameAs":["https:\/\/www.linkedin.com\/company\/myspeaker-france"]}]}},"distributor_meta":false,"distributor_terms":false,"distributor_media":false,"distributor_original_site_name":"MySpeaker France","distributor_original_site_url":"https:\/\/myspeaker.fr\/en\/","push-errors":false,"_links":{"self":[{"href":"https:\/\/myspeaker.fr\/en\/wp-json\/wp\/v2\/profile\/2184","targetHints":{"allow":["GET"]}}],"collection":[{"href":"https:\/\/myspeaker.fr\/en\/wp-json\/wp\/v2\/profile"}],"about":[{"href":"https:\/\/myspeaker.fr\/en\/wp-json\/wp\/v2\/types\/profile"}],"author":[{"embeddable":true,"href":"https:\/\/myspeaker.fr\/en\/wp-json\/wp\/v2\/users\/1"}],"wp:featuredmedia":[{"embeddable":true,"href":"https:\/\/myspeaker.fr\/en\/wp-json\/wp\/v2\/media\/4709"}],"wp:attachment":[{"href":"https:\/\/myspeaker.fr\/en\/wp-json\/wp\/v2\/media?parent=2184"}],"wp:term":[{"taxonomy":"profile_category","embeddable":true,"href":"https:\/\/myspeaker.fr\/en\/wp-json\/wp\/v2\/profile_category?post=2184"},{"taxonomy":"profile_tag","embeddable":true,"href":"https:\/\/myspeaker.fr\/en\/wp-json\/wp\/v2\/profile_tag?post=2184"},{"taxonomy":"profile_language","embeddable":true,"href":"https:\/\/myspeaker.fr\/en\/wp-json\/wp\/v2\/profile_language?post=2184"}],"curies":[{"name":"wp","href":"https:\/\/api.w.org\/{rel}","templated":true}]}}