{"id":2254,"date":"2023-03-26T00:32:03","date_gmt":"2023-03-26T00:32:03","guid":{"rendered":"https:\/\/new.myspeaker.fr\/profiles\/social-and-environmental-impact-speaker\/"},"modified":"2023-03-26T00:44:26","modified_gmt":"2023-03-26T00:44:26","slug":"social-and-environmental-impact-speaker","status":"publish","type":"profile","link":"https:\/\/myspeaker.fr\/en\/keynote-speakers\/social-and-environmental-impact-speaker\/","title":{"rendered":"S\u00e9bastien Langlois"},"content":{"rendered":"<div class=\"my-10 block-text block-text--columns-one lg:my-12\"><div class=\"block-text__body\"><div class=\"block-text__text-wrapper\"><div class=\"block-text raw\">\r\n<div class=\"block-text__body\">\r\n<\/div><\/div><\/div>\n<p id=\"block-3b26de50-4a51-4313-b462-cf61b5c7b638\">S\u00e9bastien Langlois is an entrepreneur and investor committed to . Il est le fondateur de la <a href=\"http:\/\/sfdecacao.com\/\" target=\"_blank\" rel=\"noreferrer noopener\">Soci\u00e9t\u00e9 Fran\u00e7aise de Cacao<\/a>. His products follow <strong>processes meeting very high standards<\/strong> (THE) for nutritional, environmental &amp; ethical \/ ethical business. Rrraw, one of his leading brands is certified &#8220;organic agriculture&#8221;, Gluten Free and ethical business. <\/p>\n\n\n\n<p id=\"block-f8a7be4c-93d7-4083-b198-f1ec2e951b41\"><br>S\u00e9bastien Langlois has a<strong> very unique profile of speaker<\/strong>. He is a true business man who manages to combine general interest, protection of the planet and business. <\/p>\n\n\n\n<p id=\"block-e1901329-5ecb-4e01-8972-ea065d2dfee9\"><\/p>\n\n\n\n<p id=\"block-024d06c7-b67c-42e4-af07-35fa03a600ff\">As a speaker, his specificities are his sense of humour, his passion for discussion and his generosity. <\/p>\n\n\n\n<p id=\"block-4cda7b6b-3bb0-49c1-bc58-bfdd642adf11\">Il talks to companies and leaders who have a sincere desire to improve their environmental or social impact.<\/p>\n\r\n\r\n\r\n<p>Sujets populaires: Implement social and environnemental impact in your company | Being succesful in your impact project | Dare to have impact projects | Having a meaningful job<\/p>\r\n<div class=\"my-10 block-text block-text--columns-one lg:my-12\"><div class=\"block-text__body\"><div class=\"block-text__text-wrapper\">\r\n\r\n<\/div><\/div>\r\n\r\n<\/div><\/div><\/div>","protected":false},"excerpt":{"rendered":"<p>S\u00e9bastien Langlois is an entrepreneur and investor committed to . Il est le fondateur de la Soci\u00e9t\u00e9 Fran\u00e7aise de Cacao&#8230;.<\/p>\n","protected":false},"author":3,"featured_media":1661,"menu_order":296,"template":"","profile_category":[302,278,137,111],"profile_tag":[303,163,279,125],"profile_language":[],"class_list":["post-2254","profile","type-profile","status-publish","has-post-thumbnail","hentry","profile_category-corporate-social-responsibility-csr","profile_category-environment-responsibility","profile_category-entrepreneurship","profile_category-keynote-speakers","profile_tag-corporate-social-responsibility-csr","profile_tag-entrepreneurship","profile_tag-environment-responsibility","profile_tag-leadership"],"acf":[],"yoast_head":"<!-- This site is optimized with the Yoast SEO Premium plugin v27.2 (Yoast SEO v27.3) - https:\/\/yoast.com\/product\/yoast-seo-premium-wordpress\/ -->\n<title>S\u00e9bastien Langlois - MySpeaker France<\/title>\n<meta name=\"description\" content=\"S\u00e9bastien Langlois is an entrepreneur and investor committed to . Il est le fondateur de la Soci\u00e9t\u00e9 Fran\u00e7aise de Cacao. His products follow processes\" \/>\n<meta name=\"robots\" content=\"index, follow, max-snippet:-1, max-image-preview:large, max-video-preview:-1\" \/>\n<link rel=\"canonical\" href=\"https:\/\/myspeaker.fr\/en\/keynote-speakers\/social-and-environmental-impact-speaker\/\" \/>\n<meta property=\"og:locale\" content=\"en_US\" \/>\n<meta property=\"og:type\" content=\"article\" \/>\n<meta property=\"og:title\" content=\"S\u00e9bastien Langlois\" \/>\n<meta property=\"og:description\" content=\"S\u00e9bastien Langlois is an entrepreneur and investor committed to . Il est le fondateur de la Soci\u00e9t\u00e9 Fran\u00e7aise de Cacao. His products follow processes\" \/>\n<meta property=\"og:url\" content=\"https:\/\/myspeaker.fr\/en\/keynote-speakers\/social-and-environmental-impact-speaker\/\" \/>\n<meta property=\"og:site_name\" content=\"MySpeaker France\" \/>\n<meta property=\"article:modified_time\" content=\"2023-03-26T00:44:26+00:00\" \/>\n<meta property=\"og:image\" content=\"https:\/\/myspeaker.fr\/wp-content\/uploads\/sites\/6\/2023\/09\/sebastien-langlois-1.jpg\" \/>\n\t<meta property=\"og:image:width\" content=\"600\" \/>\n\t<meta property=\"og:image:height\" content=\"400\" \/>\n\t<meta property=\"og:image:type\" content=\"image\/jpeg\" \/>\n<meta name=\"twitter:card\" content=\"summary_large_image\" \/>\n<meta name=\"twitter:label1\" content=\"Est. reading time\" \/>\n\t<meta name=\"twitter:data1\" content=\"1 minute\" \/>\n<script type=\"application\/ld+json\" class=\"yoast-schema-graph\">{\"@context\":\"https:\\\/\\\/schema.org\",\"@graph\":[{\"@type\":\"WebPage\",\"@id\":\"https:\\\/\\\/myspeaker.fr\\\/en\\\/keynote-speakers\\\/social-and-environmental-impact-speaker\\\/\",\"url\":\"https:\\\/\\\/myspeaker.fr\\\/en\\\/keynote-speakers\\\/social-and-environmental-impact-speaker\\\/\",\"name\":\"S\u00e9bastien Langlois - MySpeaker France\",\"isPartOf\":{\"@id\":\"https:\\\/\\\/myspeaker.fr\\\/en\\\/#website\"},\"primaryImageOfPage\":{\"@id\":\"https:\\\/\\\/myspeaker.fr\\\/en\\\/keynote-speakers\\\/social-and-environmental-impact-speaker\\\/#primaryimage\"},\"image\":{\"@id\":\"https:\\\/\\\/myspeaker.fr\\\/en\\\/keynote-speakers\\\/social-and-environmental-impact-speaker\\\/#primaryimage\"},\"thumbnailUrl\":\"https:\\\/\\\/myspeaker.fr\\\/wp-content\\\/uploads\\\/sites\\\/6\\\/2023\\\/09\\\/sebastien-langlois-1.jpg\",\"datePublished\":\"2023-03-26T00:32:03+00:00\",\"dateModified\":\"2023-03-26T00:44:26+00:00\",\"description\":\"S\u00e9bastien Langlois is an entrepreneur and investor committed to . Il est le fondateur de la Soci\u00e9t\u00e9 Fran\u00e7aise de Cacao. His products follow processes\",\"breadcrumb\":{\"@id\":\"https:\\\/\\\/myspeaker.fr\\\/en\\\/keynote-speakers\\\/social-and-environmental-impact-speaker\\\/#breadcrumb\"},\"inLanguage\":\"en-US\",\"potentialAction\":[{\"@type\":\"ReadAction\",\"target\":[\"https:\\\/\\\/myspeaker.fr\\\/en\\\/keynote-speakers\\\/social-and-environmental-impact-speaker\\\/\"]}]},{\"@type\":\"ImageObject\",\"inLanguage\":\"en-US\",\"@id\":\"https:\\\/\\\/myspeaker.fr\\\/en\\\/keynote-speakers\\\/social-and-environmental-impact-speaker\\\/#primaryimage\",\"url\":\"https:\\\/\\\/myspeaker.fr\\\/wp-content\\\/uploads\\\/sites\\\/6\\\/2023\\\/09\\\/sebastien-langlois-1.jpg\",\"contentUrl\":\"https:\\\/\\\/myspeaker.fr\\\/wp-content\\\/uploads\\\/sites\\\/6\\\/2023\\\/09\\\/sebastien-langlois-1.jpg\",\"width\":600,\"height\":400},{\"@type\":\"BreadcrumbList\",\"@id\":\"https:\\\/\\\/myspeaker.fr\\\/en\\\/keynote-speakers\\\/social-and-environmental-impact-speaker\\\/#breadcrumb\",\"itemListElement\":[{\"@type\":\"ListItem\",\"position\":1,\"name\":\"Hem\",\"item\":\"https:\\\/\\\/myspeaker.fr\\\/en\\\/\"},{\"@type\":\"ListItem\",\"position\":2,\"name\":\"Profiles\",\"item\":\"https:\\\/\\\/myspeaker.fr\\\/en\\\/profiles\\\/\"},{\"@type\":\"ListItem\",\"position\":3,\"name\":\"S\u00e9bastien Langlois\"}]},{\"@type\":\"WebSite\",\"@id\":\"https:\\\/\\\/myspeaker.fr\\\/en\\\/#website\",\"url\":\"https:\\\/\\\/myspeaker.fr\\\/en\\\/\",\"name\":\"MySpeaker France\",\"description\":\"\",\"publisher\":{\"@id\":\"https:\\\/\\\/myspeaker.fr\\\/en\\\/#organization\"},\"potentialAction\":[{\"@type\":\"SearchAction\",\"target\":{\"@type\":\"EntryPoint\",\"urlTemplate\":\"https:\\\/\\\/myspeaker.fr\\\/en\\\/?s={search_term_string}\"},\"query-input\":{\"@type\":\"PropertyValueSpecification\",\"valueRequired\":true,\"valueName\":\"search_term_string\"}}],\"inLanguage\":\"en-US\"},{\"@type\":\"Organization\",\"@id\":\"https:\\\/\\\/myspeaker.fr\\\/en\\\/#organization\",\"name\":\"MySpeaker France\",\"alternateName\":\"MySpeaker\",\"url\":\"https:\\\/\\\/myspeaker.fr\\\/en\\\/\",\"logo\":{\"@type\":\"ImageObject\",\"inLanguage\":\"en-US\",\"@id\":\"https:\\\/\\\/myspeaker.fr\\\/en\\\/#\\\/schema\\\/logo\\\/image\\\/\",\"url\":\"https:\\\/\\\/myspeaker.fr\\\/wp-content\\\/uploads\\\/sites\\\/6\\\/2024\\\/01\\\/Untitled-design.png\",\"contentUrl\":\"https:\\\/\\\/myspeaker.fr\\\/wp-content\\\/uploads\\\/sites\\\/6\\\/2024\\\/01\\\/Untitled-design.png\",\"width\":696,\"height\":696,\"caption\":\"MySpeaker France\"},\"image\":{\"@id\":\"https:\\\/\\\/myspeaker.fr\\\/en\\\/#\\\/schema\\\/logo\\\/image\\\/\"},\"sameAs\":[\"https:\\\/\\\/www.linkedin.com\\\/company\\\/myspeaker-france\"]}]}<\/script>\n<!-- \/ Yoast SEO Premium plugin. -->","yoast_head_json":{"title":"S\u00e9bastien Langlois - MySpeaker France","description":"S\u00e9bastien Langlois is an entrepreneur and investor committed to . Il est le fondateur de la Soci\u00e9t\u00e9 Fran\u00e7aise de Cacao. His products follow processes","robots":{"index":"index","follow":"follow","max-snippet":"max-snippet:-1","max-image-preview":"max-image-preview:large","max-video-preview":"max-video-preview:-1"},"canonical":"https:\/\/myspeaker.fr\/en\/keynote-speakers\/social-and-environmental-impact-speaker\/","og_locale":"en_US","og_type":"article","og_title":"S\u00e9bastien Langlois","og_description":"S\u00e9bastien Langlois is an entrepreneur and investor committed to . Il est le fondateur de la Soci\u00e9t\u00e9 Fran\u00e7aise de Cacao. His products follow processes","og_url":"https:\/\/myspeaker.fr\/en\/keynote-speakers\/social-and-environmental-impact-speaker\/","og_site_name":"MySpeaker France","article_modified_time":"2023-03-26T00:44:26+00:00","og_image":[{"width":600,"height":400,"url":"https:\/\/myspeaker.fr\/wp-content\/uploads\/sites\/6\/2023\/09\/sebastien-langlois-1.jpg","type":"image\/jpeg"}],"twitter_card":"summary_large_image","twitter_misc":{"Est. reading time":"1 minute"},"schema":{"@context":"https:\/\/schema.org","@graph":[{"@type":"WebPage","@id":"https:\/\/myspeaker.fr\/en\/keynote-speakers\/social-and-environmental-impact-speaker\/","url":"https:\/\/myspeaker.fr\/en\/keynote-speakers\/social-and-environmental-impact-speaker\/","name":"S\u00e9bastien Langlois - MySpeaker France","isPartOf":{"@id":"https:\/\/myspeaker.fr\/en\/#website"},"primaryImageOfPage":{"@id":"https:\/\/myspeaker.fr\/en\/keynote-speakers\/social-and-environmental-impact-speaker\/#primaryimage"},"image":{"@id":"https:\/\/myspeaker.fr\/en\/keynote-speakers\/social-and-environmental-impact-speaker\/#primaryimage"},"thumbnailUrl":"https:\/\/myspeaker.fr\/wp-content\/uploads\/sites\/6\/2023\/09\/sebastien-langlois-1.jpg","datePublished":"2023-03-26T00:32:03+00:00","dateModified":"2023-03-26T00:44:26+00:00","description":"S\u00e9bastien Langlois is an entrepreneur and investor committed to . Il est le fondateur de la Soci\u00e9t\u00e9 Fran\u00e7aise de Cacao. His products follow processes","breadcrumb":{"@id":"https:\/\/myspeaker.fr\/en\/keynote-speakers\/social-and-environmental-impact-speaker\/#breadcrumb"},"inLanguage":"en-US","potentialAction":[{"@type":"ReadAction","target":["https:\/\/myspeaker.fr\/en\/keynote-speakers\/social-and-environmental-impact-speaker\/"]}]},{"@type":"ImageObject","inLanguage":"en-US","@id":"https:\/\/myspeaker.fr\/en\/keynote-speakers\/social-and-environmental-impact-speaker\/#primaryimage","url":"https:\/\/myspeaker.fr\/wp-content\/uploads\/sites\/6\/2023\/09\/sebastien-langlois-1.jpg","contentUrl":"https:\/\/myspeaker.fr\/wp-content\/uploads\/sites\/6\/2023\/09\/sebastien-langlois-1.jpg","width":600,"height":400},{"@type":"BreadcrumbList","@id":"https:\/\/myspeaker.fr\/en\/keynote-speakers\/social-and-environmental-impact-speaker\/#breadcrumb","itemListElement":[{"@type":"ListItem","position":1,"name":"Hem","item":"https:\/\/myspeaker.fr\/en\/"},{"@type":"ListItem","position":2,"name":"Profiles","item":"https:\/\/myspeaker.fr\/en\/profiles\/"},{"@type":"ListItem","position":3,"name":"S\u00e9bastien Langlois"}]},{"@type":"WebSite","@id":"https:\/\/myspeaker.fr\/en\/#website","url":"https:\/\/myspeaker.fr\/en\/","name":"MySpeaker France","description":"","publisher":{"@id":"https:\/\/myspeaker.fr\/en\/#organization"},"potentialAction":[{"@type":"SearchAction","target":{"@type":"EntryPoint","urlTemplate":"https:\/\/myspeaker.fr\/en\/?s={search_term_string}"},"query-input":{"@type":"PropertyValueSpecification","valueRequired":true,"valueName":"search_term_string"}}],"inLanguage":"en-US"},{"@type":"Organization","@id":"https:\/\/myspeaker.fr\/en\/#organization","name":"MySpeaker France","alternateName":"MySpeaker","url":"https:\/\/myspeaker.fr\/en\/","logo":{"@type":"ImageObject","inLanguage":"en-US","@id":"https:\/\/myspeaker.fr\/en\/#\/schema\/logo\/image\/","url":"https:\/\/myspeaker.fr\/wp-content\/uploads\/sites\/6\/2024\/01\/Untitled-design.png","contentUrl":"https:\/\/myspeaker.fr\/wp-content\/uploads\/sites\/6\/2024\/01\/Untitled-design.png","width":696,"height":696,"caption":"MySpeaker France"},"image":{"@id":"https:\/\/myspeaker.fr\/en\/#\/schema\/logo\/image\/"},"sameAs":["https:\/\/www.linkedin.com\/company\/myspeaker-france"]}]}},"distributor_meta":false,"distributor_terms":false,"distributor_media":false,"distributor_original_site_name":"MySpeaker France","distributor_original_site_url":"https:\/\/myspeaker.fr\/en\/","push-errors":false,"_links":{"self":[{"href":"https:\/\/myspeaker.fr\/en\/wp-json\/wp\/v2\/profile\/2254","targetHints":{"allow":["GET"]}}],"collection":[{"href":"https:\/\/myspeaker.fr\/en\/wp-json\/wp\/v2\/profile"}],"about":[{"href":"https:\/\/myspeaker.fr\/en\/wp-json\/wp\/v2\/types\/profile"}],"author":[{"embeddable":true,"href":"https:\/\/myspeaker.fr\/en\/wp-json\/wp\/v2\/users\/3"}],"wp:featuredmedia":[{"embeddable":true,"href":"https:\/\/myspeaker.fr\/en\/wp-json\/wp\/v2\/media\/1661"}],"wp:attachment":[{"href":"https:\/\/myspeaker.fr\/en\/wp-json\/wp\/v2\/media?parent=2254"}],"wp:term":[{"taxonomy":"profile_category","embeddable":true,"href":"https:\/\/myspeaker.fr\/en\/wp-json\/wp\/v2\/profile_category?post=2254"},{"taxonomy":"profile_tag","embeddable":true,"href":"https:\/\/myspeaker.fr\/en\/wp-json\/wp\/v2\/profile_tag?post=2254"},{"taxonomy":"profile_language","embeddable":true,"href":"https:\/\/myspeaker.fr\/en\/wp-json\/wp\/v2\/profile_language?post=2254"}],"curies":[{"name":"wp","href":"https:\/\/api.w.org\/{rel}","templated":true}]}}